{"id":469,"date":"2013-07-01T17:07:56","date_gmt":"2013-07-01T15:07:56","guid":{"rendered":"http:\/\/test.briosoft.com\/?page_id=469"},"modified":"2014-11-22T13:08:16","modified_gmt":"2014-11-22T12:08:16","slug":"art-29-mesquinerie-ordinaire","status":"publish","type":"page","link":"https:\/\/www.vuncf.org\/?page_id=469","title":{"rendered":"Art 29 et 30 Mesquinerie ordinaire"},"content":{"rendered":"<p><em><b>Article 29 <em><b> de la constitution actuelle<\/b><\/em><br \/>\n<\/b><\/em><\/p>\n<blockquote><p><em>\u00ab\u00a0Le Parlement est r\u00e9uni en session extraordinaire \u00e0 la demande du Premier ministre ou de la majorit\u00e9 des membres composant l\u2019Assembl\u00e9e nationale, sur un ordre du jour d\u00e9termin\u00e9.<\/em><\/p>\n<p><em>Lorsque la session extraordinaire est tenue \u00e0 la demande des membres de l\u2019Assembl\u00e9e nationale, le d\u00e9cret de cl\u00f4ture intervient d\u00e8s que le Parlement a \u00e9puis\u00e9 l\u2019ordre du jour pour lequel il a \u00e9t\u00e9 convoqu\u00e9 et au plus tard douze jours \u00e0 compter de sa r\u00e9union.<\/em><\/p>\n<p><em>Le Premier ministre peut seul demander une nouvelle session avant l\u2019expiration du mois qui suit le d\u00e9cret de cl\u00f4ture.\u00a0\u00bb<\/em><\/p><\/blockquote>\n<p><em><b>Article 30 <em><b> de la constitution actuelle<\/b><\/em><br \/>\n<\/b><\/em><\/p>\n<blockquote><p><em>\u00ab\u00a0Hors les cas dans lesquels le Parlement se r\u00e9unit de plein droit, les sessions extraordinaires sont ouvertes et closes par d\u00e9cret du Pr\u00e9sident de la R\u00e9publique.\u00a0\u00bb<\/em><\/p><\/blockquote>\n<p>&nbsp;<\/p>\n<p>Alors d\u00e9j\u00e0, nous avons l\u00e0 une cr\u00e9ation de pouvoir r\u00e9serv\u00e9 au club\u00a0: vous n\u2019en \u00eates pas !<\/p>\n<p>Le peuple n\u2019est pas \u00e0 m\u00eame de juger correctement de la n\u00e9cessit\u00e9 de travaux hors agenda.<\/p>\n<p>Si vous avez un truc \u00e0 dire, il faut le dire \u00e0 papa, qui est d\u2019ailleurs injoignable, qui est le seul capable, avec son esprit sup\u00e9rieur de mesurer et donc de valider votre demande.<\/p>\n<p>S\u2019il trouve que vous \u00eates trop cons ou chiants, il lui suffit de ne rien faire.<\/p>\n<p>Vous avez l\u00e0 un autre exemple de contre-constitution qui ne fixe pas des droits pour la d\u00e9mocratie, mais \u00e9num\u00e8re calmement un interdit de plus. Il ne vous prot\u00e8ge pas, il vous enferme un peu plus.<\/p>\n<p>C\u2019est y pas la classe, cette derni\u00e8re phrase qui r\u00e9serve au premier ministre, donc \u00e0 celui qui le nomme et le renvoie quand bon lui semble, les initiatives l\u00e9gislatives normalement d\u00e9volues au parlement ?<\/p>\n<p>C\u2019\u00e9tait presque trop\u00a0! Heureusement l\u2019article 30 met bon ordre \u00e0 tout \u00e7a.<\/p>\n<p>Encore une fleur au Pr\u00e9sident Soleil.<\/p>\n","protected":false},"excerpt":{"rendered":"<p>Article 29 de la constitution actuelle \u00ab\u00a0Le Parlement est r\u00e9uni en session extraordinaire \u00e0 la demande du Premier ministre ou de la majorit\u00e9 des membres composant l\u2019Assembl\u00e9e nationale, sur un ordre du jour d\u00e9termin\u00e9. Lorsque la session extraordinaire est tenue \u00e0 la demande des membres de l\u2019Assembl\u00e9e nationale, le d\u00e9cret de cl\u00f4ture intervient d\u00e8s que [&hellip;]<\/p>\n","protected":false},"author":1,"featured_media":0,"parent":0,"menu_order":0,"comment_status":"open","ping_status":"closed","template":"","meta":{"footnotes":""},"class_list":["post-469","page","type-page","status-publish","hentry"],"_links":{"self":[{"href":"https:\/\/www.vuncf.org\/index.php?rest_route=\/wp\/v2\/pages\/469","targetHints":{"allow":["GET"]}}],"collection":[{"href":"https:\/\/www.vuncf.org\/index.php?rest_route=\/wp\/v2\/pages"}],"about":[{"href":"https:\/\/www.vuncf.org\/index.php?rest_route=\/wp\/v2\/types\/page"}],"author":[{"embeddable":true,"href":"https:\/\/www.vuncf.org\/index.php?rest_route=\/wp\/v2\/users\/1"}],"replies":[{"embeddable":true,"href":"https:\/\/www.vuncf.org\/index.php?rest_route=%2Fwp%2Fv2%2Fcomments&post=469"}],"version-history":[{"count":11,"href":"https:\/\/www.vuncf.org\/index.php?rest_route=\/wp\/v2\/pages\/469\/revisions"}],"predecessor-version":[{"id":2729,"href":"https:\/\/www.vuncf.org\/index.php?rest_route=\/wp\/v2\/pages\/469\/revisions\/2729"}],"wp:attachment":[{"href":"https:\/\/www.vuncf.org\/index.php?rest_route=%2Fwp%2Fv2%2Fmedia&parent=469"}],"curies":[{"name":"wp","href":"https:\/\/api.w.org\/{rel}","templated":true}]}}