{"id":1049,"date":"2013-08-02T16:14:32","date_gmt":"2013-08-02T14:14:32","guid":{"rendered":"http:\/\/www.vuncf.org\/?page_id=1049"},"modified":"2013-10-25T23:20:03","modified_gmt":"2013-10-25T21:20:03","slug":"hg-laffaire-petain","status":"publish","type":"page","link":"https:\/\/www.vuncf.org\/?page_id=1049","title":{"rendered":"HG &#8211; L&rsquo;affaire P\u00e9tain"},"content":{"rendered":"<p>Cette s\u00e9rie, \u00e0 travers la vie de P\u00e9tain et autres, n&rsquo;est pas un simple cours d&rsquo;histoire.<\/p>\n<p>Connaitre pr\u00e9cis\u00e9ment l&rsquo;enchainement des faits, de 1914 \u00e0 1945 en ce qui concerne P\u00e9tain, apporte bien plus.<\/p>\n<p>Pourquoi est-il plus important de connaitre la vie de P\u00e9tain que celle de Jaur\u00e8s ?<\/p>\n<p>Les deux c&rsquo;est mieux. Mais \u00e0 n&rsquo;en choisir qu&rsquo;un, j&rsquo;ai choisi DJ P\u00e9tain. Pourquoi ?<\/p>\n<p>Son histoire n&rsquo;est pas <strong>que<\/strong> l&rsquo;histoire d&rsquo;un homme, c&rsquo;est l&rsquo;histoire d&rsquo;une caste.<\/p>\n<p>La caste poss\u00e9dante, bien-pensante et surtout affair\u00e9e \u00e0 conserver ses biens et les revenus qu&rsquo;elle en tire.<\/p>\n<p>L&rsquo;argument moral est une arnaque. L&rsquo;essentiel, c&rsquo;est le respect de la propri\u00e9t\u00e9 lucrative !<\/p>\n<p>Le sujet est riche, ce n&rsquo;est donc pas un hasard si la s\u00e9rie est longue.<\/p>\n<p>Ensuite, visualisez mentalement notre monde politico-\u00e9conomique : ce sont les fils des m\u00eames, avec les m\u00eames soucis de pr\u00e9server leurs privil\u00e8ges.<\/p>\n<p>Sauf que le secret qui recouvre les magouilles d&rsquo;aujourd&rsquo;hui r\u00e9siste grandement aux enqu\u00eates et au tentative de d\u00e9cryptage.<\/p>\n<p>L&rsquo;histoire va nous livrer l&rsquo;\u00e2me des dominants, qui elle, n&rsquo;a pas chang\u00e9 d&rsquo;un neurone.<\/p>\n<h2>La Mont\u00e9e du fascisme en France<\/h2>\n<p><video width=\"320\" height=\"180\" controls=\"controls\" autobuffer=\"\"><source src=\"\/video\/L_affaire_Petain_(1)_La_montee_du_fascisme_en_France_Henri_Guillemin.mp4\" type=\"video\/mp4\" \/><source src=\"\/video\/L_affaire_Petain_(1)_La_montee_du_fascisme_en_France_Henri_Guillemin.webm\" type=\"video\/webm\" \/><object width=\"320\" height=\"180\" classid=\"clsid:d27cdb6e-ae6d-11cf-96b8-444553540000\" codebase=\"http:\/\/download.macromedia.com\/pub\/shockwave\/cabs\/flash\/swflash.cab#version=6,0,40,0\"><param name=\"src\" value=\"https:\/\/www.vuncf.org\/wp-includes\/js\/tinymce\/plugins\/media\/moxieplayer.swf\" \/><param name=\"flashvars\" value=\"url=\/video\/L_affaire_Petain_%281%29_La_montee_du_fascisme_en_France_Henri_Guillemin.mp4&amp;poster=\/wp-admin\/\" \/><param name=\"allowfullscreen\" value=\"true\" \/><param name=\"allowscriptaccess\" value=\"true\" \/><embed width=\"320\" height=\"180\" type=\"application\/x-shockwave-flash\" src=\"https:\/\/www.vuncf.org\/wp-includes\/js\/tinymce\/plugins\/media\/moxieplayer.swf\" flashvars=\"url=\/video\/L_affaire_Petain_%281%29_La_montee_du_fascisme_en_France_Henri_Guillemin.mp4&amp;poster=\/wp-admin\/\" allowfullscreen=\"true\" allowscriptaccess=\"true\" \/><\/object><\/video><\/p>\n<p>&nbsp;<\/p>\n<h2>Avant 1934<\/h2>\n<p><video width=\"320\" height=\"180\" controls=\"controls\" autobuffer=\"\"><source src=\"\/video\/L_affaire_Petain_(2)_Avant_1934_Henri_Guillemin.mp4\" type=\"video\/mp4\" \/><source src=\"\/video\/L_affaire_Petain_(2)_Avant_1934_Henri_Guillemin.webm\" type=\"video\/webm\" \/><object width=\"320\" height=\"180\" classid=\"clsid:d27cdb6e-ae6d-11cf-96b8-444553540000\" codebase=\"http:\/\/download.macromedia.com\/pub\/shockwave\/cabs\/flash\/swflash.cab#version=6,0,40,0\"><param name=\"src\" value=\"https:\/\/www.vuncf.org\/wp-includes\/js\/tinymce\/plugins\/media\/moxieplayer.swf\" \/><param name=\"flashvars\" value=\"url=\/video\/L_affaire_Petain_%282%29_Avant_1934_Henri_Guillemin.mp4&amp;poster=\/wp-admin\/\" \/><param name=\"allowfullscreen\" value=\"true\" \/><param name=\"allowscriptaccess\" value=\"true\" \/><embed width=\"320\" height=\"180\" type=\"application\/x-shockwave-flash\" src=\"https:\/\/www.vuncf.org\/wp-includes\/js\/tinymce\/plugins\/media\/moxieplayer.swf\" flashvars=\"url=\/video\/L_affaire_Petain_%282%29_Avant_1934_Henri_Guillemin.mp4&amp;poster=\/wp-admin\/\" allowfullscreen=\"true\" allowscriptaccess=\"true\" \/><\/object><\/video><\/p>\n<p>&nbsp;<\/p>\n<h2>Le politicien<\/h2>\n<p><video width=\"320\" height=\"180\" controls=\"controls\" autobuffer=\"\"><source src=\"\/video\/L_affaire_Petain_(3)_Le_politicien_Henri_Guillemin.mp4\" type=\"video\/mp4\" \/><source src=\"\/video\/L_affaire_Petain_(3)_Le_politicien_Henri_Guillemin.webm\" type=\"video\/webm\" \/><object width=\"320\" height=\"180\" classid=\"clsid:d27cdb6e-ae6d-11cf-96b8-444553540000\" codebase=\"http:\/\/download.macromedia.com\/pub\/shockwave\/cabs\/flash\/swflash.cab#version=6,0,40,0\"><param name=\"src\" value=\"https:\/\/www.vuncf.org\/wp-includes\/js\/tinymce\/plugins\/media\/moxieplayer.swf\" \/><param name=\"flashvars\" value=\"url=\/video\/L_affaire_Petain_%283%29_Le_politicien_Henri_Guillemin.mp4&amp;poster=\/wp-admin\/\" \/><param name=\"allowfullscreen\" value=\"true\" \/><param name=\"allowscriptaccess\" value=\"true\" \/><embed width=\"320\" height=\"180\" type=\"application\/x-shockwave-flash\" src=\"https:\/\/www.vuncf.org\/wp-includes\/js\/tinymce\/plugins\/media\/moxieplayer.swf\" flashvars=\"url=\/video\/L_affaire_Petain_%283%29_Le_politicien_Henri_Guillemin.mp4&amp;poster=\/wp-admin\/\" allowfullscreen=\"true\" allowscriptaccess=\"true\" \/><\/object><\/video><\/p>\n<p>&nbsp;<\/p>\n<h2>Politique int\u00e9rieure et d\u00e9fense nationale<\/h2>\n<p><video width=\"320\" height=\"180\" controls=\"controls\" autobuffer=\"\"><source src=\"\/video\/L_affaire_Petain_(4)_Politique_interieure_et_defense_nationale_Henri_Guillemin.mp4\" type=\"video\/mp4\" \/><source src=\"\/video\/L_affaire_Petain_(4)_Politique_interieure_et_defense_nationale_Henri_Guillemin.webm\" type=\"video\/webm\" \/><object width=\"320\" height=\"180\" classid=\"clsid:d27cdb6e-ae6d-11cf-96b8-444553540000\" codebase=\"http:\/\/download.macromedia.com\/pub\/shockwave\/cabs\/flash\/swflash.cab#version=6,0,40,0\"><param name=\"src\" value=\"https:\/\/www.vuncf.org\/wp-includes\/js\/tinymce\/plugins\/media\/moxieplayer.swf\" \/><param name=\"flashvars\" value=\"url=\/video\/L_affaire_Petain_%284%29_Politique_interieure_et_defense_nationale_Henri_Guillemin.mp4&amp;poster=\/wp-admin\/\" \/><param name=\"allowfullscreen\" value=\"true\" \/><param name=\"allowscriptaccess\" value=\"true\" \/><embed width=\"320\" height=\"180\" type=\"application\/x-shockwave-flash\" src=\"https:\/\/www.vuncf.org\/wp-includes\/js\/tinymce\/plugins\/media\/moxieplayer.swf\" flashvars=\"url=\/video\/L_affaire_Petain_%284%29_Politique_interieure_et_defense_nationale_Henri_Guillemin.mp4&amp;poster=\/wp-admin\/\" allowfullscreen=\"true\" allowscriptaccess=\"true\" \/><\/object><\/video><\/p>\n<p>&nbsp;<\/p>\n<h2>Un \u00e9trange mar\u00e9chal<\/h2>\n<p><video width=\"320\" height=\"180\" controls=\"controls\" autobuffer=\"\"><source src=\"\/video\/L_affaire_Petain_(5)_Un_etrange_marechal_Henri_Guillemin.mp4\" type=\"video\/mp4\" \/><source src=\"\/video\/L_affaire_Petain_(5)_Un_etrange_marechal_Henri_Guillemin.webm\" type=\"video\/webm\" \/><object width=\"320\" height=\"180\" classid=\"clsid:d27cdb6e-ae6d-11cf-96b8-444553540000\" codebase=\"http:\/\/download.macromedia.com\/pub\/shockwave\/cabs\/flash\/swflash.cab#version=6,0,40,0\"><param name=\"src\" value=\"https:\/\/www.vuncf.org\/wp-includes\/js\/tinymce\/plugins\/media\/moxieplayer.swf\" \/><param name=\"flashvars\" value=\"url=\/video\/L_affaire_Petain_%285%29_Un_etrange_marechal_Henri_Guillemin.mp4&amp;poster=\/wp-admin\/\" \/><param name=\"allowfullscreen\" value=\"true\" \/><param name=\"allowscriptaccess\" value=\"true\" \/><embed width=\"320\" height=\"180\" type=\"application\/x-shockwave-flash\" src=\"https:\/\/www.vuncf.org\/wp-includes\/js\/tinymce\/plugins\/media\/moxieplayer.swf\" flashvars=\"url=\/video\/L_affaire_Petain_%285%29_Un_etrange_marechal_Henri_Guillemin.mp4&amp;poster=\/wp-admin\/\" allowfullscreen=\"true\" allowscriptaccess=\"true\" \/><\/object><\/video><\/p>\n<p>&nbsp;<\/p>\n<h2>1940 : Le but est atteint. (C&rsquo;est la tarte qui est tatin)<\/h2>\n<p><video width=\"320\" height=\"180\" controls=\"controls\" autobuffer=\"\"><source src=\"\/video\/L_affaire_Petain_(6)_1940,_le_but_est_atteint_Henri_Guillemin.mp4\" type=\"video\/mp4\" \/><source src=\"\/video\/L_affaire_Petain_(6)_1940,_le_but_est_atteint_Henri_Guillemin.webm\" type=\"video\/webm\" \/><object width=\"320\" height=\"180\" classid=\"clsid:d27cdb6e-ae6d-11cf-96b8-444553540000\" codebase=\"http:\/\/download.macromedia.com\/pub\/shockwave\/cabs\/flash\/swflash.cab#version=6,0,40,0\"><param name=\"src\" value=\"https:\/\/www.vuncf.org\/wp-includes\/js\/tinymce\/plugins\/media\/moxieplayer.swf\" \/><param name=\"flashvars\" value=\"url=\/video\/L_affaire_Petain_%286%29_1940%2C_le_but_est_atteint_Henri_Guillemin.mp4&amp;poster=\/wp-admin\/\" \/><param name=\"allowfullscreen\" value=\"true\" \/><param name=\"allowscriptaccess\" value=\"true\" \/><embed width=\"320\" height=\"180\" type=\"application\/x-shockwave-flash\" src=\"https:\/\/www.vuncf.org\/wp-includes\/js\/tinymce\/plugins\/media\/moxieplayer.swf\" flashvars=\"url=\/video\/L_affaire_Petain_%286%29_1940%2C_le_but_est_atteint_Henri_Guillemin.mp4&amp;poster=\/wp-admin\/\" allowfullscreen=\"true\" allowscriptaccess=\"true\" \/><\/object><\/video><\/p>\n<p>&nbsp;<\/p>\n<h2>L&rsquo;ann\u00e9e 1940<\/h2>\n<p><video width=\"320\" height=\"180\" controls=\"controls\" autobuffer=\"\"><source src=\"\/video\/L_affaire_Petain_(7)_L_annee_1940_Henri_Guillemin.mp4\" type=\"video\/mp4\" \/><source src=\"\/video\/L_affaire_Petain_(7)_L_annee_1940_Henri_Guillemin.webm\" type=\"video\/webm\" \/><object width=\"320\" height=\"180\" classid=\"clsid:d27cdb6e-ae6d-11cf-96b8-444553540000\" codebase=\"http:\/\/download.macromedia.com\/pub\/shockwave\/cabs\/flash\/swflash.cab#version=6,0,40,0\"><param name=\"src\" value=\"https:\/\/www.vuncf.org\/wp-includes\/js\/tinymce\/plugins\/media\/moxieplayer.swf\" \/><param name=\"flashvars\" value=\"url=\/video\/L_affaire_Petain_%287%29_L_annee_1940_Henri_Guillemin.mp4&amp;poster=\/wp-admin\/\" \/><param name=\"allowfullscreen\" value=\"true\" \/><param name=\"allowscriptaccess\" value=\"true\" \/><embed width=\"320\" height=\"180\" type=\"application\/x-shockwave-flash\" src=\"https:\/\/www.vuncf.org\/wp-includes\/js\/tinymce\/plugins\/media\/moxieplayer.swf\" flashvars=\"url=\/video\/L_affaire_Petain_%287%29_L_annee_1940_Henri_Guillemin.mp4&amp;poster=\/wp-admin\/\" allowfullscreen=\"true\" allowscriptaccess=\"true\" \/><\/object><\/video><\/p>\n<p>&nbsp;<\/p>\n<h2>Avec Darlan<\/h2>\n<p><video width=\"320\" height=\"180\" controls=\"controls\" autobuffer=\"\"><source src=\"\/video\/L_affaire_Petain_(8)_Avec_Darlan_Henri_Guillemin.mp4\" type=\"video\/mp4\" \/><source src=\"\/video\/L_affaire_Petain_(8)_Avec_Darlan_Henri_Guillemin.webm\" type=\"video\/webm\" \/><object width=\"320\" height=\"180\" classid=\"clsid:d27cdb6e-ae6d-11cf-96b8-444553540000\" codebase=\"http:\/\/download.macromedia.com\/pub\/shockwave\/cabs\/flash\/swflash.cab#version=6,0,40,0\"><param name=\"src\" value=\"https:\/\/www.vuncf.org\/wp-includes\/js\/tinymce\/plugins\/media\/moxieplayer.swf\" \/><param name=\"flashvars\" value=\"url=\/video\/L_affaire_Petain_%288%29_Avec_Darlan_Henri_Guillemin.mp4&amp;poster=\/wp-admin\/\" \/><param name=\"allowfullscreen\" value=\"true\" \/><param name=\"allowscriptaccess\" value=\"true\" \/><embed width=\"320\" height=\"180\" type=\"application\/x-shockwave-flash\" src=\"https:\/\/www.vuncf.org\/wp-includes\/js\/tinymce\/plugins\/media\/moxieplayer.swf\" flashvars=\"url=\/video\/L_affaire_Petain_%288%29_Avec_Darlan_Henri_Guillemin.mp4&amp;poster=\/wp-admin\/\" allowfullscreen=\"true\" allowscriptaccess=\"true\" \/><\/object><\/video><\/p>\n<p>&nbsp;<\/p>\n<h2>Laval r\u00e9apparait<\/h2>\n<p><video width=\"320\" height=\"180\" controls=\"controls\" autobuffer=\"\"><source src=\"\/video\/L_affaire_Petain_(9)_Laval_reapparait_Henri_Guillemin.mp4\" type=\"video\/mp4\" \/><source src=\"\/video\/L_affaire_Petain_(9)_Laval_reapparait_Henri_Guillemin.webm\" type=\"video\/webm\" \/><object width=\"320\" height=\"180\" classid=\"clsid:d27cdb6e-ae6d-11cf-96b8-444553540000\" codebase=\"http:\/\/download.macromedia.com\/pub\/shockwave\/cabs\/flash\/swflash.cab#version=6,0,40,0\"><param name=\"src\" value=\"https:\/\/www.vuncf.org\/wp-includes\/js\/tinymce\/plugins\/media\/moxieplayer.swf\" \/><param name=\"flashvars\" value=\"url=\/video\/L_affaire_Petain_%289%29_Laval_reapparait_Henri_Guillemin.mp4&amp;poster=\/wp-admin\/\" \/><param name=\"allowfullscreen\" value=\"true\" \/><param name=\"allowscriptaccess\" value=\"true\" \/><embed width=\"320\" height=\"180\" type=\"application\/x-shockwave-flash\" src=\"https:\/\/www.vuncf.org\/wp-includes\/js\/tinymce\/plugins\/media\/moxieplayer.swf\" flashvars=\"url=\/video\/L_affaire_Petain_%289%29_Laval_reapparait_Henri_Guillemin.mp4&amp;poster=\/wp-admin\/\" allowfullscreen=\"true\" allowscriptaccess=\"true\" \/><\/object><\/video><\/p>\n<p>&nbsp;<\/p>\n<h2>L&rsquo;asservissement consenti<\/h2>\n<p><video width=\"320\" height=\"180\" controls=\"controls\" autobuffer=\"\"><source src=\"\/video\/L_affaire_Petain_(10)_L_asservissement_consenti_Henri_Guillemin.mp4\" type=\"video\/mp4\" \/><source src=\"\/video\/L_affaire_Petain_(10)_L_asservissement_consenti_Henri_Guillemin.webm\" type=\"video\/webm\" \/><object width=\"320\" height=\"180\" classid=\"clsid:d27cdb6e-ae6d-11cf-96b8-444553540000\" codebase=\"http:\/\/download.macromedia.com\/pub\/shockwave\/cabs\/flash\/swflash.cab#version=6,0,40,0\"><param name=\"src\" value=\"https:\/\/www.vuncf.org\/wp-includes\/js\/tinymce\/plugins\/media\/moxieplayer.swf\" \/><param name=\"flashvars\" value=\"url=\/video\/L_affaire_Petain_%2810%29_L_asservissement_consenti_Henri_Guillemin.mp4&amp;poster=\/wp-admin\/\" \/><param name=\"allowfullscreen\" value=\"true\" \/><param name=\"allowscriptaccess\" value=\"true\" \/><embed width=\"320\" height=\"180\" type=\"application\/x-shockwave-flash\" src=\"https:\/\/www.vuncf.org\/wp-includes\/js\/tinymce\/plugins\/media\/moxieplayer.swf\" flashvars=\"url=\/video\/L_affaire_Petain_%2810%29_L_asservissement_consenti_Henri_Guillemin.mp4&amp;poster=\/wp-admin\/\" allowfullscreen=\"true\" allowscriptaccess=\"true\" \/><\/object><\/video><\/p>\n<p>&nbsp;<\/p>\n<h2>La fin<\/h2>\n<p><video width=\"320\" height=\"180\" controls=\"controls\" autobuffer=\"\"><source src=\"\/video\/L_affaire_Petain_(11)_La_fin_Henri_Guillemin.mp4\" type=\"video\/mp4\" \/><source src=\"\/video\/L_affaire_Petain_(11)_La_fin_Henri_Guillemin.webm\" type=\"video\/webm\" \/><object width=\"320\" height=\"180\" classid=\"clsid:d27cdb6e-ae6d-11cf-96b8-444553540000\" codebase=\"http:\/\/download.macromedia.com\/pub\/shockwave\/cabs\/flash\/swflash.cab#version=6,0,40,0\"><param name=\"src\" value=\"https:\/\/www.vuncf.org\/wp-includes\/js\/tinymce\/plugins\/media\/moxieplayer.swf\" \/><param name=\"flashvars\" value=\"url=\/video\/L_affaire_Petain_%2811%29_La_fin_Henri_Guillemin.mp4&amp;poster=\/wp-admin\/\" \/><param name=\"allowfullscreen\" value=\"true\" \/><param name=\"allowscriptaccess\" value=\"true\" \/><embed width=\"320\" height=\"180\" type=\"application\/x-shockwave-flash\" src=\"https:\/\/www.vuncf.org\/wp-includes\/js\/tinymce\/plugins\/media\/moxieplayer.swf\" flashvars=\"url=\/video\/L_affaire_Petain_%2811%29_La_fin_Henri_Guillemin.mp4&amp;poster=\/wp-admin\/\" allowfullscreen=\"true\" allowscriptaccess=\"true\" \/><\/object><\/video><\/p>\n<p>&nbsp;<\/p>\n<h2>Constats<\/h2>\n<p><video width=\"320\" height=\"180\" controls=\"controls\" autobuffer=\"\"><source src=\"\/video\/L_affaire_Petain_(12)_Constats_Henri_Guillemin.mp4\" type=\"video\/mp4\" \/><source src=\"\/video\/L_affaire_Petain_(12)_Constats_Henri_Guillemin.webm\" type=\"video\/webm\" \/><object width=\"320\" height=\"180\" classid=\"clsid:d27cdb6e-ae6d-11cf-96b8-444553540000\" codebase=\"http:\/\/download.macromedia.com\/pub\/shockwave\/cabs\/flash\/swflash.cab#version=6,0,40,0\"><param name=\"src\" value=\"https:\/\/www.vuncf.org\/wp-includes\/js\/tinymce\/plugins\/media\/moxieplayer.swf\" \/><param name=\"flashvars\" value=\"url=\/video\/L_affaire_Petain_%2812%29_Constats_Henri_Guillemin.mp4&amp;poster=\/wp-admin\/\" \/><param name=\"allowfullscreen\" value=\"true\" \/><param name=\"allowscriptaccess\" value=\"true\" \/><embed width=\"320\" height=\"180\" type=\"application\/x-shockwave-flash\" src=\"https:\/\/www.vuncf.org\/wp-includes\/js\/tinymce\/plugins\/media\/moxieplayer.swf\" flashvars=\"url=\/video\/L_affaire_Petain_%2812%29_Constats_Henri_Guillemin.mp4&amp;poster=\/wp-admin\/\" allowfullscreen=\"true\" allowscriptaccess=\"true\" \/><\/object><\/video><\/p>\n<p>&nbsp;<\/p>\n","protected":false},"excerpt":{"rendered":"<p>Cette s\u00e9rie, \u00e0 travers la vie de P\u00e9tain et autres, n&rsquo;est pas un simple cours d&rsquo;histoire. Connaitre pr\u00e9cis\u00e9ment l&rsquo;enchainement des faits, de 1914 \u00e0 1945 en ce qui concerne P\u00e9tain, apporte bien plus. Pourquoi est-il plus important de connaitre la vie de P\u00e9tain que celle de Jaur\u00e8s ? Les deux c&rsquo;est mieux. Mais \u00e0 n&rsquo;en [&hellip;]<\/p>\n","protected":false},"author":1,"featured_media":0,"parent":0,"menu_order":0,"comment_status":"open","ping_status":"closed","template":"","meta":{"footnotes":""},"class_list":["post-1049","page","type-page","status-publish","hentry"],"_links":{"self":[{"href":"https:\/\/www.vuncf.org\/index.php?rest_route=\/wp\/v2\/pages\/1049","targetHints":{"allow":["GET"]}}],"collection":[{"href":"https:\/\/www.vuncf.org\/index.php?rest_route=\/wp\/v2\/pages"}],"about":[{"href":"https:\/\/www.vuncf.org\/index.php?rest_route=\/wp\/v2\/types\/page"}],"author":[{"embeddable":true,"href":"https:\/\/www.vuncf.org\/index.php?rest_route=\/wp\/v2\/users\/1"}],"replies":[{"embeddable":true,"href":"https:\/\/www.vuncf.org\/index.php?rest_route=%2Fwp%2Fv2%2Fcomments&post=1049"}],"version-history":[{"count":8,"href":"https:\/\/www.vuncf.org\/index.php?rest_route=\/wp\/v2\/pages\/1049\/revisions"}],"predecessor-version":[{"id":2017,"href":"https:\/\/www.vuncf.org\/index.php?rest_route=\/wp\/v2\/pages\/1049\/revisions\/2017"}],"wp:attachment":[{"href":"https:\/\/www.vuncf.org\/index.php?rest_route=%2Fwp%2Fv2%2Fmedia&parent=1049"}],"curies":[{"name":"wp","href":"https:\/\/api.w.org\/{rel}","templated":true}]}}